{"id":8103,"date":"2023-02-12T15:22:11","date_gmt":"2023-02-12T14:22:11","guid":{"rendered":"https:\/\/naturland.hu\/?page_id=8103"},"modified":"2023-02-12T15:25:24","modified_gmt":"2023-02-12T14:25:24","slug":"naperomu","status":"publish","type":"page","link":"https:\/\/naturland.hu\/en\/naperomu\/","title":{"rendered":"Naper\u0151m\u0171vel a term\u00e9szet v\u00e9delm\u00e9\u00e9rt"},"content":{"rendered":"<div id=\"pl-8103\"  class=\"panel-layout\" ><div id=\"pg-8103-0\"  class=\"panel-grid panel-no-style\" ><div id=\"pgc-8103-0-0\"  class=\"panel-grid-cell\" ><div id=\"panel-8103-0-0-0\" class=\"so-panel widget widget_sow-image panel-first-child\" data-index=\"0\" ><div\n\t\t\t\n\t\t\tclass=\"so-widget-sow-image so-widget-sow-image-default-dbf295114b96-8103\"\n\t\t\t\n\t\t>\n<div class=\"sow-image-container\">\n\t\t<img \n\tsrc=\"https:\/\/naturland.hu\/wp-content\/uploads\/2023\/02\/20230208_132252-cut-scaled.jpg\" width=\"2560\" height=\"1080\" srcset=\"https:\/\/naturland.hu\/wp-content\/uploads\/2023\/02\/20230208_132252-cut-scaled.jpg 2560w, https:\/\/naturland.hu\/wp-content\/uploads\/2023\/02\/20230208_132252-cut-scaled-660x278.jpg 660w, https:\/\/naturland.hu\/wp-content\/uploads\/2023\/02\/20230208_132252-cut-scaled-1024x432.jpg 1024w, https:\/\/naturland.hu\/wp-content\/uploads\/2023\/02\/20230208_132252-cut-scaled-440x186.jpg 440w, https:\/\/naturland.hu\/wp-content\/uploads\/2023\/02\/20230208_132252-cut-scaled-768x324.jpg 768w, https:\/\/naturland.hu\/wp-content\/uploads\/2023\/02\/20230208_132252-cut-scaled-1536x648.jpg 1536w, https:\/\/naturland.hu\/wp-content\/uploads\/2023\/02\/20230208_132252-cut-scaled-2048x864.jpg 2048w, https:\/\/naturland.hu\/wp-content\/uploads\/2023\/02\/20230208_132252-cut-scaled-20x8.jpg 20w, https:\/\/naturland.hu\/wp-content\/uploads\/2023\/02\/20230208_132252-cut-scaled-600x253.jpg 600w\" sizes=\"(max-width: 2560px) 100vw, 2560px\" alt=\"\" \t\tclass=\"so-widget-image\"\/>\n\t<\/div>\n\n<\/div><\/div><div id=\"panel-8103-0-0-1\" class=\"so-panel widget widget_sow-editor\" data-index=\"1\" ><div\n\t\t\t\n\t\t\tclass=\"so-widget-sow-editor so-widget-sow-editor-base\"\n\t\t\t\n\t\t>\n<div class=\"siteorigin-widget-tinymce textwidget\">\n\t<p><strong>Meg\u00fajul\u00f3 energi\u00e1ra \u00e9p\u00fcl\u0151 beruh\u00e1z\u00e1ssal tett \u00fajabb komoly l\u00e9p\u00e9st a Naturland a fenntarthat\u00f3 m\u0171k\u00f6d\u00e9s fel\u00e9. A p\u00e1szt\u00f3i tea\u00fczem \u00e9ves villamosenergia fogyaszt\u00e1s\u00e1nak h\u00e1romnegyed\u00e9t ezent\u00fal napenergia fogja biztos\u00edtani. Az \u00faj naper\u0151m\u0171 telep\u00edt\u00e9se is bizony\u00edtja, hogy a c\u00e9g elk\u00f6telezett a k\u00f6rnyezetv\u00e9delem \u00fcgye mellett.<\/strong><\/p>\n<p>A Naturlandn\u00e1l nem \u00fcres sz\u00f3lam, hogy felel\u0151sek vagyunk a t\u00e1rsadalom\u00e9rt, a term\u00e9szeti k\u00f6rnyezet\u00e9rt. Saj\u00e1t forr\u00e1sainkb\u00f3l helyezt\u00fck \u00fczembe azt az 50 kW teljes\u00edtm\u00e9ny\u0171 naper\u0151m\u0171vet, amely a p\u00e1szt\u00f3i \u00fczem\u00fcnket l\u00e1tja el z\u00f6ld villamosenergi\u00e1val. A beruh\u00e1z\u00e1s \u00e9ves szinten 60\u00a0000 kWh meg\u00fajul\u00f3 energiaforr\u00e1st biztos\u00edt az \u00fczem 80\u00a0000 kWh k\u00f6r\u00fcli felhaszn\u00e1l\u00e1s\u00e1b\u00f3l. Nem mell\u00e9kes az sem, hogy ezzel a napelemparkkal \u00e9vente 25-30 tonna k\u00f6z\u00f6tti CO2 kibocs\u00e1t\u00e1st el\u0151z\u00fcnk meg, ennyivel kevesebb ker\u00fcl a l\u00e9gk\u00f6rbe. A Naturlandn\u00e1l minden termel\u00e9si d\u00f6nt\u00e9s eset\u00e9n tudatosan figyel\u00fcnk k\u00f6rnyezet\u00fcnk, a kl\u00edma v\u00e9delm\u00e9re. Ha \u00faj eszk\u00f6z\u00f6ket szerz\u00fcnk be, igyeksz\u00fcnk olyan korszer\u0171 technol\u00f3gi\u00e1kat v\u00e1lasztani, amelyek alkalmaz\u00e1s\u00e1val k\u00f6zvetve \u00e9s k\u00f6zvetlen\u00fcl is \u00f3vjuk k\u00f6rnyezet\u00fcnket.<\/p>\n<\/div>\n<\/div><\/div><div id=\"panel-8103-0-0-2\" class=\"so-panel widget widget_sow-image\" data-index=\"2\" ><div\n\t\t\t\n\t\t\tclass=\"so-widget-sow-image so-widget-sow-image-default-dbf295114b96-8103\"\n\t\t\t\n\t\t>\n<div class=\"sow-image-container\">\n\t\t<img \n\tsrc=\"https:\/\/naturland.hu\/wp-content\/uploads\/2023\/02\/napelem-2.png\" width=\"1920\" height=\"1080\" srcset=\"https:\/\/naturland.hu\/wp-content\/uploads\/2023\/02\/napelem-2.png 1920w, https:\/\/naturland.hu\/wp-content\/uploads\/2023\/02\/napelem-2-660x371.png 660w, https:\/\/naturland.hu\/wp-content\/uploads\/2023\/02\/napelem-2-1024x576.png 1024w, https:\/\/naturland.hu\/wp-content\/uploads\/2023\/02\/napelem-2-440x248.png 440w, https:\/\/naturland.hu\/wp-content\/uploads\/2023\/02\/napelem-2-768x432.png 768w, https:\/\/naturland.hu\/wp-content\/uploads\/2023\/02\/napelem-2-1536x864.png 1536w, https:\/\/naturland.hu\/wp-content\/uploads\/2023\/02\/napelem-2-20x11.png 20w, https:\/\/naturland.hu\/wp-content\/uploads\/2023\/02\/napelem-2-600x338.png 600w\" sizes=\"(max-width: 1920px) 100vw, 1920px\" alt=\"\" \t\tclass=\"so-widget-image\"\/>\n\t<\/div>\n\n<\/div><\/div><div id=\"panel-8103-0-0-3\" class=\"so-panel widget widget_sow-editor panel-last-child\" data-index=\"3\" ><div\n\t\t\t\n\t\t\tclass=\"so-widget-sow-editor so-widget-sow-editor-base\"\n\t\t\t\n\t\t>\n<div class=\"siteorigin-widget-tinymce textwidget\">\n\t<p>\u201eLeg\u00fajabb, p\u00e1szt\u00f3i z\u00f6ld beruh\u00e1z\u00e1s\u00e1val a Naturland folytatja a k\u00f6rnyezeti szempontb\u00f3l fenntarthat\u00f3 m\u0171k\u00f6d\u00e9s ir\u00e1ny\u00e1ba tett l\u00e9p\u00e9seit. Ez a fejleszt\u00e9s is azt jelzi, hogy komolyan vessz\u00fck a kl\u00edmav\u00e9delmi kih\u00edv\u00e1sokat. A naper\u0151m\u0171 telep\u00edt\u00e9se az els\u0151 l\u00e9p\u00e9s a c\u00e9g \u00e1ltal tervezett, a meg\u00fajul\u00f3 energi\u00e1ra \u00e9p\u00fcl\u0151 energiahat\u00e9konys\u00e1gi t\u00f6rekv\u00e9sek sor\u00e1ban. A Naturland tov\u00e1bbi korszer\u0171 energetikai fejleszt\u00e9sekkel k\u00edv\u00e1nja n\u00f6velni \u00fczemeinek hat\u00e9konys\u00e1g\u00e1t \u00e9s cs\u00f6kkenteni k\u00f6rnyezet\u00fcnk terhel\u00e9s\u00e9t. Nek\u00fcnk ez \u00edgy term\u00e9szetes.\u201d - nyilatkozta \u00c1sv\u00e1nyi Tibor \u00fcgyvezet\u0151 igazgat\u00f3.<\/p>\n<p>Nemcsak energiahat\u00e9kony fejleszt\u00e9sekkel cs\u00f6kkentj\u00fck term\u00e9keink karbon l\u00e1bnyom\u00e1t, hozz\u00e1j\u00e1rulva ezzel a fenntarthat\u00f3 fejl\u0151d\u00e9shez. A k\u00f6rnyezetre k\u00e1ros vegyszerek, szerves old\u00f3szerek felhaszn\u00e1l\u00e1s\u00e1t \u00e9s a megsemmis\u00edtend\u0151 vesz\u00e9lyes hullad\u00e9k mennyis\u00e9g\u00e9t is jelent\u0151sen reduk\u00e1ltuk a korszer\u0171bb analitikai eszk\u00f6z\u00f6knek k\u00f6sz\u00f6nhet\u0151en. \u00c9rt\u00e9kes\u00edt\u00e9si \u00e9s rakt\u00e1rkezel\u00e9si rendszer\u00fcnk r\u00e9v\u00e9n egyre kevesebb pap\u00edr alap\u00fa bizonylat k\u00e9sz\u00fcl. K\u00e9sz\u00e1ru rakt\u00e1runkban olyan vonalk\u00f3dos azonos\u00edt\u00e1st alkalmazunk, amely hat\u00e9konyabb, gyorsabb \u00e9s k\u00f6rnyezetk\u00edm\u00e9l\u0151bb m\u0171k\u00f6d\u00e9st biztos\u00edt. Sz\u00f3r\u00f3lapjaink \u00e9s rekl\u00e1mt\u00e1sk\u00e1ink k\u00e9sz\u00edt\u00e9sekor el\u0151nyben r\u00e9szes\u00edtj\u00fck a k\u00f6rnyezetk\u00edm\u00e9l\u0151 anyagok alkalmaz\u00e1s\u00e1t. Teafiltereinkn\u00e9l pedig nem haszn\u00e1lunk f\u00e9m r\u00f6gz\u00edt\u0151kapcsokat. Csomagol\u00e1saink kiv\u00e1laszt\u00e1s\u00e1n\u00e1l is a k\u00f6rnyezettudatos megold\u00e1sokra t\u00f6reksz\u00fcnk, ami azt is jelenti, hogy a fogyaszt\u00f3i ig\u00e9nyek figyelembev\u00e9tel\u00e9vel hat\u00e1rozzuk meg a kiszerel\u00e9seket. \u00cdgy a felesleges term\u00e9kv\u00e1s\u00e1rl\u00e1sb\u00f3l ad\u00f3d\u00f3 csomagol\u00f3anyagokkal nem terhelj\u00fck a k\u00f6rnyezetet.<\/p>\n<p>Egy l\u00e9p\u00e9ssel k\u00f6zelebb a term\u00e9szethez. Egy l\u00e9p\u00e9ssel k\u00f6zelebb Hozz\u00e1d. Naturland.<\/p>\n<p>&nbsp;<\/p>\n<\/div>\n<\/div><\/div><\/div><\/div><\/div>","protected":false},"excerpt":{"rendered":"<p>Meg\u00fajul\u00f3 energi\u00e1ra \u00e9p\u00fcl\u0151 beruh\u00e1z\u00e1ssal tett \u00fajabb komoly l\u00e9p\u00e9st a Naturland a fenntarthat\u00f3 m\u0171k\u00f6d\u00e9s fel\u00e9. A p\u00e1szt\u00f3i&#8230;<\/p>\n","protected":false},"author":140,"featured_media":0,"parent":0,"menu_order":0,"comment_status":"closed","ping_status":"closed","template":"","meta":{"inline_featured_image":false,"footnotes":""},"class_list":["post-8103","page","type-page","status-publish","hentry"],"_links":{"self":[{"href":"https:\/\/naturland.hu\/en\/wp-json\/wp\/v2\/pages\/8103","targetHints":{"allow":["GET"]}}],"collection":[{"href":"https:\/\/naturland.hu\/en\/wp-json\/wp\/v2\/pages"}],"about":[{"href":"https:\/\/naturland.hu\/en\/wp-json\/wp\/v2\/types\/page"}],"author":[{"embeddable":true,"href":"https:\/\/naturland.hu\/en\/wp-json\/wp\/v2\/users\/140"}],"replies":[{"embeddable":true,"href":"https:\/\/naturland.hu\/en\/wp-json\/wp\/v2\/comments?post=8103"}],"version-history":[{"count":0,"href":"https:\/\/naturland.hu\/en\/wp-json\/wp\/v2\/pages\/8103\/revisions"}],"wp:attachment":[{"href":"https:\/\/naturland.hu\/en\/wp-json\/wp\/v2\/media?parent=8103"}],"curies":[{"name":"wp","href":"https:\/\/api.w.org\/{rel}","templated":true}]}}