{"id":2065,"date":"2021-11-12T15:49:22","date_gmt":"2021-11-12T14:49:22","guid":{"rendered":"http:\/\/nldo.diff.hu\/?page_id=2065"},"modified":"2025-09-23T10:51:40","modified_gmt":"2025-09-23T08:51:40","slug":"a-naturland-vezetosege","status":"publish","type":"page","link":"https:\/\/naturland.hu\/en\/a-naturland-vezetosege\/","title":{"rendered":"A Naturland vezet\u0151s\u00e9ge"},"content":{"rendered":"<div id=\"pl-2065\"  class=\"panel-layout\" ><div id=\"pg-2065-0\"  class=\"panel-grid panel-no-style\" ><div id=\"pgc-2065-0-0\"  class=\"panel-grid-cell\" ><div id=\"panel-2065-0-0-0\" class=\"so-panel widget widget_sow-image panel-first-child\" data-index=\"0\" ><div\n\t\t\t\n\t\t\tclass=\"so-widget-sow-image so-widget-sow-image-default-8b5b6f678277-2065\"\n\t\t\t\n\t\t>\n<div class=\"sow-image-container\">\n\t\t<img \n\tsrc=\"https:\/\/naturland.hu\/wp-content\/uploads\/2021\/11\/HDA2125_1.jpg\" width=\"1619\" height=\"1080\" srcset=\"https:\/\/naturland.hu\/wp-content\/uploads\/2021\/11\/HDA2125_1.jpg 1619w, https:\/\/naturland.hu\/wp-content\/uploads\/2021\/11\/HDA2125_1-660x440.jpg 660w, https:\/\/naturland.hu\/wp-content\/uploads\/2021\/11\/HDA2125_1-1024x683.jpg 1024w, https:\/\/naturland.hu\/wp-content\/uploads\/2021\/11\/HDA2125_1-440x294.jpg 440w, https:\/\/naturland.hu\/wp-content\/uploads\/2021\/11\/HDA2125_1-768x512.jpg 768w, https:\/\/naturland.hu\/wp-content\/uploads\/2021\/11\/HDA2125_1-1536x1025.jpg 1536w, https:\/\/naturland.hu\/wp-content\/uploads\/2021\/11\/HDA2125_1-20x13.jpg 20w, https:\/\/naturland.hu\/wp-content\/uploads\/2021\/11\/HDA2125_1-600x400.jpg 600w\" sizes=\"(max-width: 1619px) 100vw, 1619px\" title=\"_HDA2125_1\" alt=\"\" \t\tclass=\"so-widget-image\"\/>\n\t<\/div>\n\n<\/div><\/div><div id=\"panel-2065-0-0-1\" class=\"so-panel widget widget_sow-editor panel-last-child\" data-index=\"1\" ><div\n\t\t\t\n\t\t\tclass=\"so-widget-sow-editor so-widget-sow-editor-base\"\n\t\t\t\n\t\t>\n<div class=\"siteorigin-widget-tinymce textwidget\">\n\t<h4><b>\u00c1sv\u00e1nyi Tibor<\/b>, a Naturland tulajdonos-\u00fcgyvezet\u0151 igazgat\u00f3ja<\/h4>\n<p><span style=\"font-weight: 400;\">M\u00e9g a k\u00f6zgazdas\u00e1gi tanulm\u00e1nyaimat folytattam, amikor el\u0151sz\u00f6r hallottam a Naturlandr\u00f3l, a Sv\u00e9dcseppr\u0151l. \u201eMedicus curat, natura sanat\u201d, vagyis az orvos kezel, a term\u00e9szet gy\u00f3gy\u00edt. Volt valami h\u00edvogat\u00f3 \u00e9s titokzatos egy friss diplom\u00e1s sz\u00e1m\u00e1ra ebben a hitvall\u00e1sban. \u00c9vekkel k\u00e9s\u0151bb j\u00f6ttem r\u00e1, hogy mi ez: a tud\u00e1s megszerz\u00e9s\u00e9nek \u00e9s az erre a tud\u00e1sra alapozott alkotni v\u00e1gy\u00e1s \u00f6r\u00f6me. M\u00e9g mindig fiatalon el\u0151sz\u00f6r \u00fcgyvezet\u0151je, majd a k\u00e9s\u0151bbiekben m\u00e1r tulajdonosa is lettem a napjainkban mintegy 200 munkat\u00e1rsat foglalkoztat\u00f3, \u00e9s t\u00f6bb mint 400 k\u00fcl\u00f6nb\u00f6z\u0151 k\u00e9sz\u00edtm\u00e9nyt el\u0151\u00e1ll\u00edt\u00f3, 100 %-ban hazai tulajdon\u00fa gy\u00f3gyszergy\u00e1rt\u00f3 v\u00e1llalkoz\u00e1snak.<\/span><\/p>\n<p>A Naturland <span style=\"font-weight: 400;\">m\u00e1rka az \u00e9let legfontosabb ter\u00fclet\u00e9n, az eg\u00e9szs\u00e9gben van jelen. B\u00fcszk\u00e9k vagyunk arra, hogy fogyaszt\u00f3ink \u00e9s betegeink t\u00f6bb mint 30 \u00e9ve b\u00edznak benn\u00fcnk.\u00a0<\/span><\/p>\n<p><span style=\"font-weight: 400;\">A megszerzett tud\u00e1s meg\u0151rz\u00e9se \u00e9s felhaszn\u00e1l\u00e1sa, a hagyom\u00e1nyos \u00e9s innovat\u00edv eg\u00e9szs\u00e9gmeg\u0151rz\u0151 k\u00e9sz\u00edtm\u00e9nyek fejleszt\u00e9se \u00e9s el\u0151\u00e1ll\u00edt\u00e1sa komoly felel\u0151ss\u00e9ggel j\u00e1r. Mi itt a Naturlandban minden nap azon dolgozunk, hogy vev\u0151ink az igazolt hat\u00e1sokkal rendelkez\u0151 k\u00e9sz\u00edtm\u00e9nyekkel egy\u00fctt az eg\u00e9szs\u00e9gtudatos \u00e9letm\u00f3d kialak\u00edt\u00e1s\u00e1hoz sz\u00fcks\u00e9ges inform\u00e1ci\u00f3kat \u00e9s \u00e9lm\u00e9nyt, \u00e9letvezet\u00e9si tan\u00e1csokat is kapjanak.<\/span><\/p>\n<p><span style=\"font-weight: 400;\">\u201eNaturlandosnak\u201d lenni fogalom, ami a rendk\u00edv\u00fcl sz\u00e9les szakmai tapasztalatot \u00e9s tud\u00e1st, az \u00faj\u00edt\u00e1sra val\u00f3 folyamatosan nyitott gondolkod\u00e1st is jelenti. V\u00e1llalkoz\u00e1sunk ereje munkat\u00e1rsaim tud\u00e1s\u00e1nak, tapasztalat\u00e1nak \u00e9s elk\u00f6telezetts\u00e9g\u00e9nek \u00f6sszess\u00e9ge.<\/span><\/p>\n<\/div>\n<\/div><\/div><\/div><\/div><div id=\"pg-2065-1\"  class=\"panel-grid panel-no-style\" ><div id=\"pgc-2065-1-0\"  class=\"panel-grid-cell\" ><div id=\"panel-2065-1-0-0\" class=\"so-panel widget widget_sow-image panel-first-child\" data-index=\"2\" ><div\n\t\t\t\n\t\t\tclass=\"so-widget-sow-image so-widget-sow-image-default-8b5b6f678277-2065\"\n\t\t\t\n\t\t>\n<div class=\"sow-image-container\">\n\t\t<img \n\tsrc=\"https:\/\/naturland.hu\/wp-content\/uploads\/2021\/11\/HDA2181_1.jpg\" width=\"1619\" height=\"1080\" srcset=\"https:\/\/naturland.hu\/wp-content\/uploads\/2021\/11\/HDA2181_1.jpg 1619w, https:\/\/naturland.hu\/wp-content\/uploads\/2021\/11\/HDA2181_1-660x440.jpg 660w, https:\/\/naturland.hu\/wp-content\/uploads\/2021\/11\/HDA2181_1-1024x683.jpg 1024w, https:\/\/naturland.hu\/wp-content\/uploads\/2021\/11\/HDA2181_1-440x294.jpg 440w, https:\/\/naturland.hu\/wp-content\/uploads\/2021\/11\/HDA2181_1-768x512.jpg 768w, https:\/\/naturland.hu\/wp-content\/uploads\/2021\/11\/HDA2181_1-1536x1025.jpg 1536w, https:\/\/naturland.hu\/wp-content\/uploads\/2021\/11\/HDA2181_1-20x13.jpg 20w, https:\/\/naturland.hu\/wp-content\/uploads\/2021\/11\/HDA2181_1-600x400.jpg 600w\" sizes=\"(max-width: 1619px) 100vw, 1619px\" title=\"_HDA2181_1\" alt=\"\" \t\tclass=\"so-widget-image\"\/>\n\t<\/div>\n\n<\/div><\/div><div id=\"panel-2065-1-0-1\" class=\"so-panel widget widget_sow-editor panel-last-child\" data-index=\"3\" ><div\n\t\t\t\n\t\t\tclass=\"so-widget-sow-editor so-widget-sow-editor-base\"\n\t\t\t\n\t\t>\n<div class=\"siteorigin-widget-tinymce textwidget\">\n\t<h4>Czirbus Zolt\u00e1n, a Naturland strat\u00e9giai m\u0171k\u00f6d\u00e9s\u00e9rt felel\u0151s c\u00e9gvezet\u0151je<\/h4>\n<p><span style=\"font-weight: 400;\">Elk\u00f6telezetts\u00e9g \u00e9s felel\u0151ss\u00e9g. Ezt jelenti sz\u00e1momra a Naturland csapat\u00e1hoz tartozni. Felel\u0151ss\u00e9ggel gondoskodni a fogyaszt\u00f3kr\u00f3l, hogy t\u00e9nylegesen azt a term\u00e9szetess\u00e9get \u00e9s tisztas\u00e1got kapj\u00e1k eg\u00e9szs\u00e9g\u00fck meg\u0151rz\u00e9se \u00e9s v\u00e9delme sor\u00e1n, amit \u0151k a t\u0151l\u00fcnk elv\u00e1rnak. \u00a0 Felel\u0151ss\u00e9g az is, hogy vezet\u0151k\u00e9nt mindent megtegyek az itt dolgoz\u00f3 t\u00f6bb mint 200 munkat\u00e1rsam mindennapi boldogul\u00e1sa \u00e9s szakmai el\u0151rehalad\u00e1sa \u00e9rdek\u00e9ben. Csaknem negyed \u00e9vsz\u00e1zada k\u00f6telez\u0151dtem el az eg\u00e9szs\u00e9gipar, azon bel\u00fcl is a gy\u00f3gyn\u00f6v\u00e9ny \u00e1gazat fel\u00e9. A Naturland sz\u00e1momra egyet jelent a term\u00e9szetess\u00e9ggel, amelyet egy korszer\u0171, 21. sz\u00e1zadi gy\u00f3gyszergy\u00e1rt\u00f3 v\u00e1llalkoz\u00e1s szakmai profizmus\u00e1val \u00f6tv\u00f6z\u00fcnk. Szerencs\u00e9s embernek vallhatom magam, mert a Naturland hitvall\u00e1sa \u00f6sszecseng a saj\u00e1t szem\u00e9lyes \u00e9rt\u00e9krendemmel.<\/span><\/p>\n<\/div>\n<\/div><\/div><\/div><\/div><div id=\"pg-2065-2\"  class=\"panel-grid panel-no-style\" ><div id=\"pgc-2065-2-0\"  class=\"panel-grid-cell\" ><div id=\"panel-2065-2-0-0\" class=\"so-panel widget widget_sow-image panel-first-child\" data-index=\"4\" ><div\n\t\t\t\n\t\t\tclass=\"so-widget-sow-image so-widget-sow-image-default-8b5b6f678277-2065\"\n\t\t\t\n\t\t>\n<div class=\"sow-image-container\">\n\t\t<img \n\tsrc=\"https:\/\/naturland.hu\/wp-content\/uploads\/2021\/11\/HDA1455.jpg\" width=\"1619\" height=\"1080\" srcset=\"https:\/\/naturland.hu\/wp-content\/uploads\/2021\/11\/HDA1455.jpg 1619w, https:\/\/naturland.hu\/wp-content\/uploads\/2021\/11\/HDA1455-660x440.jpg 660w, https:\/\/naturland.hu\/wp-content\/uploads\/2021\/11\/HDA1455-1024x683.jpg 1024w, https:\/\/naturland.hu\/wp-content\/uploads\/2021\/11\/HDA1455-440x294.jpg 440w, https:\/\/naturland.hu\/wp-content\/uploads\/2021\/11\/HDA1455-768x512.jpg 768w, https:\/\/naturland.hu\/wp-content\/uploads\/2021\/11\/HDA1455-1536x1025.jpg 1536w, https:\/\/naturland.hu\/wp-content\/uploads\/2021\/11\/HDA1455-20x13.jpg 20w, https:\/\/naturland.hu\/wp-content\/uploads\/2021\/11\/HDA1455-600x400.jpg 600w\" sizes=\"(max-width: 1619px) 100vw, 1619px\" title=\"_HDA1455\" alt=\"\" \t\tclass=\"so-widget-image\"\/>\n\t<\/div>\n\n<\/div><\/div><div id=\"panel-2065-2-0-1\" class=\"so-panel widget widget_sow-editor panel-last-child\" data-index=\"5\" ><div\n\t\t\t\n\t\t\tclass=\"so-widget-sow-editor so-widget-sow-editor-base\"\n\t\t\t\n\t\t>\n<div class=\"siteorigin-widget-tinymce textwidget\">\n\t<h4><b>Kurucz M\u00e1ria, a Naturland gazdas\u00e1gi igazgat\u00f3ja<\/b><\/h4>\n<p><span style=\"font-weight: 400;\">Hagyom\u00e1ny \u00e9s meg\u00fajul\u00e1s. Sz\u00e1mtalan v\u00e1llalkoz\u00e1s, int\u00e9zm\u00e9ny t\u0171zi ezt a k\u00e9t fogalmat a z\u00e1szlaj\u00e1ra. Azonban itt a Naturlandn\u00e1l ez nemcsak a term\u00e9keket, hanem mag\u00e1t a c\u00e9get is j\u00f3l jellemzi. Ezek az \u00e9rt\u00e9kek azok, amelyek els\u0151re meg\u00e9rintettek engem is, amikor idej\u00f6ttem.\u00a0 Egy nagym\u00falt\u00fa v\u00e1llalkoz\u00e1s, amely t\u00f6bb mint harminc \u00e9ve van jelen az eg\u00e9szs\u00e9g- \u00e9s gy\u00f3gyszerpiacon, m\u00e9gis mindig a fejl\u0151d\u00e9sre, \u00fajabb \u00e9s \u00fajabb kih\u00edv\u00e1sokra t\u00f6rekszik. Hissz\u00fck \u00e9s valljuk, hogy dolgozni csak az el\u0151\u00edr\u00e1sokat maxim\u00e1lisan betartva, hitelesen, j\u00f3 p\u00e9ld\u00e1val el\u00f6l j\u00e1rva lehet. Szem\u00e9lyes meggy\u0151z\u0151d\u00e9sem, hogy gazdas\u00e1gi szerepl\u0151k\u00e9nt nem csak fogyaszt\u00f3ink, de partnereink \u00e9s besz\u00e1ll\u00edt\u00f3ink ir\u00e1nt is nagy felel\u0151ss\u00e9ggel tartozunk. Az \u00e9vtizedek alatt felhalmozott tapasztalatokat \u00e9s j\u00f3 gyakorlatokat, a Naturland tud\u00e1s\u00e1t vel\u00fck is megosztjuk, hogy egy\u00fctt fejl\u0151dhess\u00fcnk, mindannyiunk megel\u00e9ged\u00e9s\u00e9re.\u00a0\u00a0\u00a0\u00a0<\/span><\/p>\n<\/div>\n<\/div><\/div><\/div><\/div><div id=\"pg-2065-3\"  class=\"panel-grid panel-no-style\" ><div id=\"pgc-2065-3-0\"  class=\"panel-grid-cell\" ><div id=\"panel-2065-3-0-0\" class=\"so-panel widget widget_sow-image panel-first-child\" data-index=\"6\" ><div\n\t\t\t\n\t\t\tclass=\"so-widget-sow-image so-widget-sow-image-default-8b5b6f678277-2065\"\n\t\t\t\n\t\t>\n<div class=\"sow-image-container\">\n\t\t<img \n\tsrc=\"https:\/\/naturland.hu\/wp-content\/uploads\/2021\/11\/HDA2282_1.jpg\" width=\"1619\" height=\"1080\" srcset=\"https:\/\/naturland.hu\/wp-content\/uploads\/2021\/11\/HDA2282_1.jpg 1619w, https:\/\/naturland.hu\/wp-content\/uploads\/2021\/11\/HDA2282_1-660x440.jpg 660w, https:\/\/naturland.hu\/wp-content\/uploads\/2021\/11\/HDA2282_1-1024x683.jpg 1024w, https:\/\/naturland.hu\/wp-content\/uploads\/2021\/11\/HDA2282_1-440x294.jpg 440w, https:\/\/naturland.hu\/wp-content\/uploads\/2021\/11\/HDA2282_1-768x512.jpg 768w, https:\/\/naturland.hu\/wp-content\/uploads\/2021\/11\/HDA2282_1-1536x1025.jpg 1536w, https:\/\/naturland.hu\/wp-content\/uploads\/2021\/11\/HDA2282_1-20x13.jpg 20w, https:\/\/naturland.hu\/wp-content\/uploads\/2021\/11\/HDA2282_1-600x400.jpg 600w\" sizes=\"(max-width: 1619px) 100vw, 1619px\" title=\"_HDA2282_1\" alt=\"\" \t\tclass=\"so-widget-image\"\/>\n\t<\/div>\n\n<\/div><\/div><div id=\"panel-2065-3-0-1\" class=\"so-panel widget widget_sow-editor panel-last-child\" data-index=\"7\" ><div\n\t\t\t\n\t\t\tclass=\"so-widget-sow-editor so-widget-sow-editor-base\"\n\t\t\t\n\t\t>\n<div class=\"siteorigin-widget-tinymce textwidget\">\n\t<h4><b>Gresty\u00e1k Attila, a Naturland kereskedelmi igazgat\u00f3ja<\/b><\/h4>\n<p><span style=\"font-weight: 400;\">Az eg\u00e9szs\u00e9g\u00fcnk az egyik legnagyobb kincs\u00fcnk \u2013 ez nemcsak a Naturland, hanem az \u00e9n szem\u00e9lyes hitvall\u00e1som is. Ez\u00e9rt tudom imm\u00e1r t\u00f6bb mint m\u00e1sf\u00e9l \u00e9vtizede meggy\u0151z\u0151d\u00e9ssel k\u00e9pviselni a Naturland filoz\u00f3fi\u00e1j\u00e1t, term\u00e9keinket. Folyamatosan \u00f6szt\u00f6n\u00f6z, hogy egy n\u00f6vekv\u0151, sikeres hazai v\u00e1llalkoz\u00e1snak lehetek az egyik fontos vezet\u0151je. A Naturland egy olyan c\u00e9g, amelyen kereszt\u00fcl a mindennapokban t\u00e1mogatni tudom az embereket eg\u00e9szs\u00e9g\u00fck meg\u0151rz\u00e9s\u00e9ben, \u00e9letmin\u0151s\u00e9g\u00fck jav\u00edt\u00e1s\u00e1ban, kort\u00f3l \u00e9s nemt\u0151l f\u00fcggetlen\u00fcl. Napr\u00f3l napra n\u00f6vekv\u0151 elk\u00f6telezetts\u00e9get \u00e9s energi\u00e1t ny\u00fajt, hogy a gy\u00f3gyn\u00f6v\u00e9nyek felel\u0151s haszn\u00e1lat\u00e1ra \u00e9s a n\u00e9pi gy\u00f3gy\u00e1szat \u00e9vsz\u00e1zados hagyom\u00e1nyaira \u00e9p\u00edtve, a term\u00e9szet adta kezel\u00e9si lehet\u0151s\u00e9gekkel \u00e1llhatunk vev\u0151ink szolg\u00e1lat\u00e1ra. \u00d6r\u00fcl\u00f6k, hogy hozz\u00e1j\u00e1rulhatok egy biztons\u00e1gos \u00e9s kisz\u00e1m\u00edthat\u00f3 j\u00f6v\u0151 biztos\u00edt\u00e1s\u00e1ra munkat\u00e1rsainknak is.<\/span><\/p>\n<\/div>\n<\/div><\/div><\/div><\/div><div id=\"pg-2065-4\"  class=\"panel-grid panel-no-style\" ><div id=\"pgc-2065-4-0\"  class=\"panel-grid-cell\" ><div id=\"panel-2065-4-0-0\" class=\"so-panel widget widget_sow-image panel-first-child\" data-index=\"8\" ><div\n\t\t\t\n\t\t\tclass=\"so-widget-sow-image so-widget-sow-image-default-c67d20f9f743-2065\"\n\t\t\t\n\t\t>\n<div class=\"sow-image-container\">\n\t\t<img \n\tsrc=\"https:\/\/naturland.hu\/wp-content\/uploads\/2022\/02\/HD52117-scaled.jpg\" width=\"2560\" height=\"1706\" srcset=\"https:\/\/naturland.hu\/wp-content\/uploads\/2022\/02\/HD52117-scaled.jpg 2560w, https:\/\/naturland.hu\/wp-content\/uploads\/2022\/02\/HD52117-scaled-660x440.jpg 660w, https:\/\/naturland.hu\/wp-content\/uploads\/2022\/02\/HD52117-scaled-1024x682.jpg 1024w, https:\/\/naturland.hu\/wp-content\/uploads\/2022\/02\/HD52117-scaled-440x293.jpg 440w, https:\/\/naturland.hu\/wp-content\/uploads\/2022\/02\/HD52117-scaled-768x512.jpg 768w, https:\/\/naturland.hu\/wp-content\/uploads\/2022\/02\/HD52117-scaled-1536x1024.jpg 1536w, https:\/\/naturland.hu\/wp-content\/uploads\/2022\/02\/HD52117-scaled-2048x1365.jpg 2048w, https:\/\/naturland.hu\/wp-content\/uploads\/2022\/02\/HD52117-scaled-20x13.jpg 20w, https:\/\/naturland.hu\/wp-content\/uploads\/2022\/02\/HD52117-scaled-600x400.jpg 600w\" sizes=\"(max-width: 2560px) 100vw, 2560px\" title=\"_HD52117\" alt=\"\" \t\tclass=\"so-widget-image\"\/>\n\t<\/div>\n\n<\/div><\/div><div id=\"panel-2065-4-0-1\" class=\"so-panel widget widget_sow-editor panel-last-child\" data-index=\"9\" ><div\n\t\t\t\n\t\t\tclass=\"so-widget-sow-editor so-widget-sow-editor-base\"\n\t\t\t\n\t\t>\n<div class=\"siteorigin-widget-tinymce textwidget\">\n\t<h4><b>N\u00e1dosi M\u00e1rta, a Naturland <\/b><b>total quality management<\/b> <b>\u00a0igazgat\u00f3ja<\/b><\/h4>\n<p><span style=\"font-weight: 400;\">Min\u0151s\u00e9g \u00e9s megb\u00edzhat\u00f3s\u00e1g. K\u00e9t olyan \u00e9rt\u00e9k, amelyek nem csak a saj\u00e1t munk\u00e1m sarokk\u00f6vei, hanem a Naturland m\u00e1rka v\u00e9djegyei is. Minden egyes nap csakis a legkiv\u00e1l\u00f3bb min\u0151s\u00e9get ny\u00fajtani! Nagyon neh\u00e9z feladat, komoly kih\u00edv\u00e1s. Hiszem, hogy velem egy\u00fctt minden munkat\u00e1rsamat ez vez\u00e9rli. Szem\u00e9lyesen is elk\u00f6telezett vagyok abban, hogy az \u00f6sszetev\u0151k olyan mennyis\u00e9gben \u00e9s min\u0151s\u00e9gben legyenek term\u00e9keinkben, amelyet \u00edg\u00e9r\u00fcnk. A Naturland m\u00e1rkan\u00e9v imm\u00e1r t\u00f6bb mint h\u00e1rom \u00e9vtizede garancia erre. Fontos sz\u00e1momra, hogy k\u00e9sz\u00edtm\u00e9nyeinkkel gondoskodni tudunk a mindennapokban vev\u0151ink eg\u00e9szs\u00e9g\u00e9r\u0151l, seg\u00edtj\u00fck \u0151ket a betegs\u00e9gek megel\u0151z\u00e9s\u00e9ben, a gy\u00f3gyul\u00e1sban. A Naturland c\u00e9lkit\u0171z\u00e9se, hogy korszer\u0171 term\u00e9keket \u00e1ll\u00edtsunk el\u0151, magas tudom\u00e1nyos-technikai sz\u00ednvonalon engem is \u00f6szt\u00f6n\u00f6z. A folyamatos fejl\u0151d\u00e9s egy hajt\u00f3er\u0151, mert nek\u00fcnk minden nap kell \u2013 \u00e9s lehet \u2013 \u00fajat alkotni, tanulni.<\/span><\/p>\n<\/div>\n<\/div><\/div><\/div><\/div><div id=\"pg-2065-5\"  class=\"panel-grid panel-no-style\" ><div id=\"pgc-2065-5-0\"  class=\"panel-grid-cell\" ><div id=\"panel-2065-5-0-0\" class=\"so-panel widget widget_sow-editor panel-first-child panel-last-child\" data-index=\"10\" ><div\n\t\t\t\n\t\t\tclass=\"so-widget-sow-editor so-widget-sow-editor-base\"\n\t\t\t\n\t\t>\n<div class=\"siteorigin-widget-tinymce textwidget\">\n\t<h4><b>Kr\u00fcmmer Bence, a Naturland <\/b><b> \u00fczletfejleszt\u00e9s\u00e9rt felel\u0151s <\/b> <b>\u00a0c\u00e9gvezet\u0151je<\/b><\/h4>\n<p><span style=\"font-weight: 400;\">Feladatom a 35 \u00e9ves trad\u00edci\u00f3 \u00e9s az alap\u00edt\u00f3i \u00e9rt\u00e9kek j\u00f6v\u0151be emel\u00e9se \u2013 stabil alapokra \u00e9p\u00edtve, j\u00f6v\u0151orient\u00e1lt szeml\u00e9lettel.2022-ben k\u00f6telez\u0151dtem el a Naturland mellett, mert hitelesnek \u00e9s egyed\u00fcl\u00e1ll\u00f3nak l\u00e1ttam azt az \u00f6r\u00f6ks\u00e9get, amely a gy\u00f3gyn\u00f6v\u00e9nyes tud\u00e1st a korszer\u0171 gy\u00f3gyszergy\u00e1rt\u00f3i fegyelemmel \u00e9s a val\u00f3di fogyaszt\u00f3i hasznoss\u00e1ggal kapcsolja \u00f6ssze. Sz\u00e1momra a Naturland a trad\u00edci\u00f3 ir\u00e1nti tisztelet, a szakmai ig\u00e9nyess\u00e9g \u00e9s a felel\u0151s innov\u00e1ci\u00f3 tal\u00e1lkoz\u00e1sa. Feladatom, hogy a Naturland imm\u00e1r 35 \u00e9ves m\u00faltj\u00e1t \u00e9s az alap\u00edt\u00f3k \u00e9rt\u00e9krendj\u00e9t \u00e1ttranszfer\u00e1ljam a j\u00f6v\u0151be: a stabil alapokra \u00e9p\u00edtve a trad\u00edci\u00f3t a 21. sz\u00e1zad kontextus\u00e1ba helyezem, \u00e9s egy j\u00f6v\u0151orient\u00e1lt v\u00e1llalati m\u0171k\u00f6d\u00e9st \u00f6tv\u00f6zzek a m\u00faltunkkal. C\u00e9lom, hogy tud\u00e1sunk \u00e9s megb\u00edzhat\u00f3s\u00e1gunk \u00faj piacokban, partners\u00e9gekben \u00e9s term\u00e9kmegold\u00e1sokban v\u00e1ljon \u00e9rt\u00e9kk\u00e9 \u2013 itthon \u00e9s nemzetk\u00f6zileg egyar\u00e1nt. \u00c9rt\u00e9keim: min\u0151s\u00e9g minden r\u00e9szletben, fenntarthat\u00f3 m\u0171k\u00f6d\u00e9s, szakmai al\u00e1zat, ny\u00edlt \u00e9s tisztess\u00e9ges egy\u00fcttm\u0171k\u00f6d\u00e9s, k\u00f6lcs\u00f6n\u00f6s bizalom. Hiszek abban, hogy partnereink egy olyan hiteles hazai m\u00e1rk\u00e1val \u00e9s a m\u00e1rka m\u00f6g\u00f6tti v\u00e1llalattal dolgozhatnak egy\u00fctt, amelyre hossz\u00fa t\u00e1von is sz\u00e1m\u00edthatnak \u2013 mert a kisz\u00e1m\u00edthat\u00f3s\u00e1g \u00e9s a stabilit\u00e1s a Naturland DNS-\u00e9nek r\u00e9sze. A Naturland sz\u00e1momra nemcsak munkahely: felel\u0151ss\u00e9g \u00e9s \u00edg\u00e9ret \u2013 hogy ma is, holnap is a tudom\u00e1ny \u00e9s term\u00e9szet erej\u00e9vel seg\u00edts\u00fcnk az eg\u00e9szs\u00e9g meg\u0151rz\u00e9s\u00e9ben.<\/span><\/p>\n<\/div>\n<\/div><\/div><\/div><\/div><div id=\"pg-2065-6\"  class=\"panel-grid panel-no-style\" ><div id=\"pgc-2065-6-0\"  class=\"panel-grid-cell panel-grid-cell-empty\" ><\/div><\/div><div id=\"pg-2065-7\"  class=\"panel-grid panel-no-style\" ><div id=\"pgc-2065-7-0\"  class=\"panel-grid-cell panel-grid-cell-empty\" ><\/div><\/div><div id=\"pg-2065-8\"  class=\"panel-grid panel-no-style\" ><div id=\"pgc-2065-8-0\"  class=\"panel-grid-cell panel-grid-cell-empty\" ><\/div><\/div><div id=\"pg-2065-9\"  class=\"panel-grid panel-no-style\" ><div id=\"pgc-2065-9-0\"  class=\"panel-grid-cell panel-grid-cell-empty panel-grid-cell-mobile-last\" ><\/div><div id=\"pgc-2065-9-1\"  class=\"panel-grid-cell panel-grid-cell-empty\" ><\/div><\/div><div id=\"pg-2065-10\"  class=\"panel-grid panel-no-style\" ><div id=\"pgc-2065-10-0\"  class=\"panel-grid-cell panel-grid-cell-empty panel-grid-cell-mobile-last\" ><\/div><div id=\"pgc-2065-10-1\"  class=\"panel-grid-cell panel-grid-cell-empty\" ><\/div><\/div><div id=\"pg-2065-11\"  class=\"panel-grid panel-no-style\" ><div id=\"pgc-2065-11-0\"  class=\"panel-grid-cell panel-grid-cell-empty panel-grid-cell-mobile-last\" ><\/div><div id=\"pgc-2065-11-1\"  class=\"panel-grid-cell panel-grid-cell-empty\" ><\/div><\/div><div id=\"pg-2065-12\"  class=\"panel-grid panel-no-style\" ><div id=\"pgc-2065-12-0\"  class=\"panel-grid-cell panel-grid-cell-empty panel-grid-cell-mobile-last\" ><\/div><div id=\"pgc-2065-12-1\"  class=\"panel-grid-cell panel-grid-cell-empty\" ><\/div><\/div><\/div>","protected":false},"excerpt":{"rendered":"<p>\u00c1sv\u00e1nyi Tibor, a Naturland tulajdonos-\u00fcgyvezet\u0151 igazgat\u00f3ja M\u00e9g a k\u00f6zgazdas\u00e1gi tanulm\u00e1nyaimat folytattam, amikor el\u0151sz\u00f6r hallottam a Naturlandr\u00f3l,&#8230;<\/p>\n","protected":false},"author":140,"featured_media":0,"parent":0,"menu_order":0,"comment_status":"closed","ping_status":"closed","template":"","meta":{"inline_featured_image":false,"footnotes":""},"class_list":["post-2065","page","type-page","status-publish","hentry"],"_links":{"self":[{"href":"https:\/\/naturland.hu\/en\/wp-json\/wp\/v2\/pages\/2065","targetHints":{"allow":["GET"]}}],"collection":[{"href":"https:\/\/naturland.hu\/en\/wp-json\/wp\/v2\/pages"}],"about":[{"href":"https:\/\/naturland.hu\/en\/wp-json\/wp\/v2\/types\/page"}],"author":[{"embeddable":true,"href":"https:\/\/naturland.hu\/en\/wp-json\/wp\/v2\/users\/140"}],"replies":[{"embeddable":true,"href":"https:\/\/naturland.hu\/en\/wp-json\/wp\/v2\/comments?post=2065"}],"version-history":[{"count":0,"href":"https:\/\/naturland.hu\/en\/wp-json\/wp\/v2\/pages\/2065\/revisions"}],"wp:attachment":[{"href":"https:\/\/naturland.hu\/en\/wp-json\/wp\/v2\/media?parent=2065"}],"curies":[{"name":"wp","href":"https:\/\/api.w.org\/{rel}","templated":true}]}}